{"id":3,"date":"2024-09-17T14:58:37","date_gmt":"2024-09-17T12:58:37","guid":{"rendered":"http:\/\/www.gitelemiel.com\/wordpress\/?page_id=3"},"modified":"2025-08-09T16:29:35","modified_gmt":"2025-08-09T14:29:35","slug":"mentions-legales","status":"publish","type":"page","link":"https:\/\/www.gitelemiel.com\/wordpress\/mentions-legales\/","title":{"rendered":"Mentions l\u00e9gales"},"content":{"rendered":"\n<p><br>Mentions l\u00e9gales du site web du g\u00eete Le Miel. En vigueur au 01\/01\/2022 :<\/p>\n\n\n\n<p>Conformez-vous aux dispositions des Articles 6-III et 19 de la Loi n\u00b02004-575 du 21 juin 2004 pour la Confiance dans l\u2019\u00e9conomie num\u00e9rique, dite L.C.E.N.<\/p>\n\n\n\n<p>Nous informons les utilisateurs et visiteurs du site <a href=\"http:\/\/www.gitelemiel.com\/\">www.gitelemiel.com<\/a> des mentions l\u00e9gales suivantes.<\/p>\n\n\n\n<p>L\u2019Utilisateur accepte ces mentions l\u00e9gales en se connectant et en naviguant sur le Site.<\/p>\n\n\n\n<p>Acc\u00e9dez \u00e0 ces mentions l\u00e9gales sur le Site \u00e0 la rubrique \u00ab Mentions l\u00e9gales \u00bb.<\/p>\n\n\n\n<p><strong>ARTICLE 1 &#8211; L&rsquo;\u00c9DITEUR<\/strong><\/p>\n\n\n\n<p>Hilario Medina assure l\u2019\u00e9dition et la direction de la publication du Site. Il est domicili\u00e9 au 2117 Route du grand village la mothe sud. Contactez-le au 0547328200 ou par e-mail \u00e0 <a href=\"mailto:hilario@free.fr\">hilario@free.fr<\/a>.<\/p>\n\n\n\n<p><strong>ARTICLE 2 &#8211; L&rsquo;H\u00c9BERGEUR<\/strong><\/p>\n\n\n\n<p>La soci\u00e9t\u00e9 OVH h\u00e9berge le Site. Son si\u00e8ge social se situe au 2 rue Kellermann &#8211; 59100 Roubaix &#8211; France.<\/p>\n\n\n\n<p><strong>ARTICLE 3 &#8211; ACC\u00c8S AU SITE<\/strong><\/p>\n\n\n\n<p>Acc\u00e9dez au Site en tout endroit, 7j\/7, 24h\/24. Des interruptions peuvent survenir en cas de force majeure, de maintenance programm\u00e9e ou non.<\/p>\n\n\n\n<p>L&rsquo;\u00c9diteur n&rsquo;est pas responsable en cas de modification, interruption ou suspension du Site.<\/p>\n\n\n\n<p><strong>ARTICLE 4 &#8211; COLLECTE DES DONN\u00c9ES<\/strong><\/p>\n\n\n\n<p>Le site est exempt\u00e9 de d\u00e9claration \u00e0 la CNIL car il ne collecte aucune donn\u00e9e concernant les utilisateurs.<\/p>\n\n\n\n<p>Toute utilisation, reproduction, diffusion, commercialisation, ou modification du Site sans autorisation est interdite. Ces actions peuvent entra\u00eener des poursuites judiciaires conform\u00e9ment au Code de la propri\u00e9t\u00e9 intellectuelle et au Code civil.<\/p>\n","protected":false},"excerpt":{"rendered":"<p>Mentions l\u00e9gales du site web du g\u00eete Le Miel. En vigueur au 01\/01\/2022 : Conformez-vous aux dispositions des Articles 6-III et 19 de la Loi n\u00b02004-575 du 21 juin 2004 pour la Confiance dans l\u2019\u00e9conomie num\u00e9rique, dite L.C.E.N. Nous informons les utilisateurs et visiteurs du site www.gitelemiel.com des mentions l\u00e9gales suivantes. L\u2019Utilisateur accepte ces mentions [&hellip;]<\/p>\n","protected":false},"author":1,"featured_media":0,"parent":0,"menu_order":0,"comment_status":"closed","ping_status":"closed","template":"page-large-header","meta":{"footnotes":""},"class_list":["post-3","page","type-page","status-publish","hentry"],"yoast_head":"<!-- This site is optimized with the Yoast SEO plugin v27.5 - https:\/\/yoast.com\/product\/yoast-seo-wordpress\/ -->\n<title>Mentions l\u00e9gales - G\u00eete Le Miel<\/title>\n<meta name=\"description\" content=\"&quot;Consultez les mentions l\u00e9gales de www.gitelemiel.com, en vigueur depuis le 01\/01\/2022. Informations sur l&#039;\u00e9diteur et l&#039;h\u00e9bergeur.&quot;\" \/>\n<meta name=\"robots\" content=\"index, follow, max-snippet:-1, max-image-preview:large, max-video-preview:-1\" \/>\n<link rel=\"canonical\" href=\"https:\/\/www.gitelemiel.com\/wordpress\/mentions-legales\/\" \/>\n<meta property=\"og:locale\" content=\"fr_FR\" \/>\n<meta property=\"og:type\" content=\"article\" \/>\n<meta property=\"og:title\" content=\"Mentions l\u00e9gales\" \/>\n<meta property=\"og:description\" content=\"Consultez les mentions l\u00e9gales de www.gitelemiel.com, en vigueur depuis le 01\/01\/2022. Informations sur l&#039;\u00e9diteur et l&#039;h\u00e9bergeur.\" \/>\n<meta property=\"og:url\" content=\"https:\/\/www.gitelemiel.com\/wordpress\/mentions-legales\/\" \/>\n<meta property=\"og:site_name\" content=\"G\u00eete Le Miel\" \/>\n<meta property=\"article:publisher\" content=\"https:\/\/www.facebook.com\/gitelemiel\/\" \/>\n<meta property=\"article:modified_time\" content=\"2025-08-09T14:29:35+00:00\" \/>\n<meta name=\"twitter:card\" content=\"summary_large_image\" \/>\n<meta name=\"twitter:label1\" content=\"Dur\u00e9e de lecture estim\u00e9e\" \/>\n\t<meta name=\"twitter:data1\" content=\"2 minutes\" \/>\n<script type=\"application\/ld+json\" class=\"yoast-schema-graph\">{\"@context\":\"https:\\\/\\\/schema.org\",\"@graph\":[{\"@type\":\"WebPage\",\"@id\":\"https:\\\/\\\/www.gitelemiel.com\\\/wordpress\\\/mentions-legales\\\/\",\"url\":\"https:\\\/\\\/www.gitelemiel.com\\\/wordpress\\\/mentions-legales\\\/\",\"name\":\"Mentions l\u00e9gales - G\u00eete Le Miel\",\"isPartOf\":{\"@id\":\"https:\\\/\\\/www.gitelemiel.com\\\/wordpress\\\/#website\"},\"datePublished\":\"2024-09-17T12:58:37+00:00\",\"dateModified\":\"2025-08-09T14:29:35+00:00\",\"description\":\"\\\"Consultez les mentions l\u00e9gales de www.gitelemiel.com, en vigueur depuis le 01\\\/01\\\/2022. Informations sur l'\u00e9diteur et l'h\u00e9bergeur.\\\"\",\"breadcrumb\":{\"@id\":\"https:\\\/\\\/www.gitelemiel.com\\\/wordpress\\\/mentions-legales\\\/#breadcrumb\"},\"inLanguage\":\"fr-FR\",\"potentialAction\":[{\"@type\":\"ReadAction\",\"target\":[\"https:\\\/\\\/www.gitelemiel.com\\\/wordpress\\\/mentions-legales\\\/\"]}]},{\"@type\":\"BreadcrumbList\",\"@id\":\"https:\\\/\\\/www.gitelemiel.com\\\/wordpress\\\/mentions-legales\\\/#breadcrumb\",\"itemListElement\":[{\"@type\":\"ListItem\",\"position\":1,\"name\":\"Accueil\",\"item\":\"https:\\\/\\\/www.gitelemiel.com\\\/wordpress\\\/\"},{\"@type\":\"ListItem\",\"position\":2,\"name\":\"Mentions l\u00e9gales\"}]},{\"@type\":\"WebSite\",\"@id\":\"https:\\\/\\\/www.gitelemiel.com\\\/wordpress\\\/#website\",\"url\":\"https:\\\/\\\/www.gitelemiel.com\\\/wordpress\\\/\",\"name\":\"G\u00eete Le Miel\",\"description\":\"Un g\u00eete dans le P\u00e9rigord vert en Dordogne.\",\"publisher\":{\"@id\":\"https:\\\/\\\/www.gitelemiel.com\\\/wordpress\\\/#organization\"},\"potentialAction\":[{\"@type\":\"SearchAction\",\"target\":{\"@type\":\"EntryPoint\",\"urlTemplate\":\"https:\\\/\\\/www.gitelemiel.com\\\/wordpress\\\/?s={search_term_string}\"},\"query-input\":{\"@type\":\"PropertyValueSpecification\",\"valueRequired\":true,\"valueName\":\"search_term_string\"}}],\"inLanguage\":\"fr-FR\"},{\"@type\":\"Organization\",\"@id\":\"https:\\\/\\\/www.gitelemiel.com\\\/wordpress\\\/#organization\",\"name\":\"G\u00eete Le Miel\",\"url\":\"https:\\\/\\\/www.gitelemiel.com\\\/wordpress\\\/\",\"logo\":{\"@type\":\"ImageObject\",\"inLanguage\":\"fr-FR\",\"@id\":\"https:\\\/\\\/www.gitelemiel.com\\\/wordpress\\\/#\\\/schema\\\/logo\\\/image\\\/\",\"url\":\"https:\\\/\\\/www.gitelemiel.com\\\/wordpress\\\/wp-content\\\/uploads\\\/2025\\\/01\\\/abeille.png\",\"contentUrl\":\"https:\\\/\\\/www.gitelemiel.com\\\/wordpress\\\/wp-content\\\/uploads\\\/2025\\\/01\\\/abeille.png\",\"width\":1549,\"height\":1549,\"caption\":\"G\u00eete Le Miel\"},\"image\":{\"@id\":\"https:\\\/\\\/www.gitelemiel.com\\\/wordpress\\\/#\\\/schema\\\/logo\\\/image\\\/\"},\"sameAs\":[\"https:\\\/\\\/www.facebook.com\\\/gitelemiel\\\/\",\"https:\\\/\\\/www.instagram.com\\\/gitelemiel\\\/\"]}]}<\/script>\n<!-- \/ Yoast SEO plugin. -->","yoast_head_json":{"title":"Mentions l\u00e9gales - G\u00eete Le Miel","description":"\"Consultez les mentions l\u00e9gales de www.gitelemiel.com, en vigueur depuis le 01\/01\/2022. Informations sur l'\u00e9diteur et l'h\u00e9bergeur.\"","robots":{"index":"index","follow":"follow","max-snippet":"max-snippet:-1","max-image-preview":"max-image-preview:large","max-video-preview":"max-video-preview:-1"},"canonical":"https:\/\/www.gitelemiel.com\/wordpress\/mentions-legales\/","og_locale":"fr_FR","og_type":"article","og_title":"Mentions l\u00e9gales","og_description":"Consultez les mentions l\u00e9gales de www.gitelemiel.com, en vigueur depuis le 01\/01\/2022. Informations sur l'\u00e9diteur et l'h\u00e9bergeur.","og_url":"https:\/\/www.gitelemiel.com\/wordpress\/mentions-legales\/","og_site_name":"G\u00eete Le Miel","article_publisher":"https:\/\/www.facebook.com\/gitelemiel\/","article_modified_time":"2025-08-09T14:29:35+00:00","twitter_card":"summary_large_image","twitter_misc":{"Dur\u00e9e de lecture estim\u00e9e":"2 minutes"},"schema":{"@context":"https:\/\/schema.org","@graph":[{"@type":"WebPage","@id":"https:\/\/www.gitelemiel.com\/wordpress\/mentions-legales\/","url":"https:\/\/www.gitelemiel.com\/wordpress\/mentions-legales\/","name":"Mentions l\u00e9gales - G\u00eete Le Miel","isPartOf":{"@id":"https:\/\/www.gitelemiel.com\/wordpress\/#website"},"datePublished":"2024-09-17T12:58:37+00:00","dateModified":"2025-08-09T14:29:35+00:00","description":"\"Consultez les mentions l\u00e9gales de www.gitelemiel.com, en vigueur depuis le 01\/01\/2022. Informations sur l'\u00e9diteur et l'h\u00e9bergeur.\"","breadcrumb":{"@id":"https:\/\/www.gitelemiel.com\/wordpress\/mentions-legales\/#breadcrumb"},"inLanguage":"fr-FR","potentialAction":[{"@type":"ReadAction","target":["https:\/\/www.gitelemiel.com\/wordpress\/mentions-legales\/"]}]},{"@type":"BreadcrumbList","@id":"https:\/\/www.gitelemiel.com\/wordpress\/mentions-legales\/#breadcrumb","itemListElement":[{"@type":"ListItem","position":1,"name":"Accueil","item":"https:\/\/www.gitelemiel.com\/wordpress\/"},{"@type":"ListItem","position":2,"name":"Mentions l\u00e9gales"}]},{"@type":"WebSite","@id":"https:\/\/www.gitelemiel.com\/wordpress\/#website","url":"https:\/\/www.gitelemiel.com\/wordpress\/","name":"G\u00eete Le Miel","description":"Un g\u00eete dans le P\u00e9rigord vert en Dordogne.","publisher":{"@id":"https:\/\/www.gitelemiel.com\/wordpress\/#organization"},"potentialAction":[{"@type":"SearchAction","target":{"@type":"EntryPoint","urlTemplate":"https:\/\/www.gitelemiel.com\/wordpress\/?s={search_term_string}"},"query-input":{"@type":"PropertyValueSpecification","valueRequired":true,"valueName":"search_term_string"}}],"inLanguage":"fr-FR"},{"@type":"Organization","@id":"https:\/\/www.gitelemiel.com\/wordpress\/#organization","name":"G\u00eete Le Miel","url":"https:\/\/www.gitelemiel.com\/wordpress\/","logo":{"@type":"ImageObject","inLanguage":"fr-FR","@id":"https:\/\/www.gitelemiel.com\/wordpress\/#\/schema\/logo\/image\/","url":"https:\/\/www.gitelemiel.com\/wordpress\/wp-content\/uploads\/2025\/01\/abeille.png","contentUrl":"https:\/\/www.gitelemiel.com\/wordpress\/wp-content\/uploads\/2025\/01\/abeille.png","width":1549,"height":1549,"caption":"G\u00eete Le Miel"},"image":{"@id":"https:\/\/www.gitelemiel.com\/wordpress\/#\/schema\/logo\/image\/"},"sameAs":["https:\/\/www.facebook.com\/gitelemiel\/","https:\/\/www.instagram.com\/gitelemiel\/"]}]}},"_links":{"self":[{"href":"https:\/\/www.gitelemiel.com\/wordpress\/wp-json\/wp\/v2\/pages\/3","targetHints":{"allow":["GET"]}}],"collection":[{"href":"https:\/\/www.gitelemiel.com\/wordpress\/wp-json\/wp\/v2\/pages"}],"about":[{"href":"https:\/\/www.gitelemiel.com\/wordpress\/wp-json\/wp\/v2\/types\/page"}],"author":[{"embeddable":true,"href":"https:\/\/www.gitelemiel.com\/wordpress\/wp-json\/wp\/v2\/users\/1"}],"replies":[{"embeddable":true,"href":"https:\/\/www.gitelemiel.com\/wordpress\/wp-json\/wp\/v2\/comments?post=3"}],"version-history":[{"count":8,"href":"https:\/\/www.gitelemiel.com\/wordpress\/wp-json\/wp\/v2\/pages\/3\/revisions"}],"predecessor-version":[{"id":463,"href":"https:\/\/www.gitelemiel.com\/wordpress\/wp-json\/wp\/v2\/pages\/3\/revisions\/463"}],"wp:attachment":[{"href":"https:\/\/www.gitelemiel.com\/wordpress\/wp-json\/wp\/v2\/media?parent=3"}],"curies":[{"name":"wp","href":"https:\/\/api.w.org\/{rel}","templated":true}]}}